{"id":6797,"date":"2025-12-16T13:54:29","date_gmt":"2025-12-16T12:54:29","guid":{"rendered":"https:\/\/www.intra-esavl.be\/?page_id=6797"},"modified":"2025-12-16T13:57:56","modified_gmt":"2025-12-16T12:57:56","slug":"contrats-benevoles","status":"publish","type":"page","link":"https:\/\/www.intra-esavl.be\/index.php\/nos-differents-services\/conseil-social\/contrats-benevoles\/","title":{"rendered":"Contrats b\u00e9n\u00e9voles"},"content":{"rendered":"\t\t<div data-elementor-type=\"wp-page\" data-elementor-id=\"6797\" class=\"elementor elementor-6797\">\n\t\t\t\t\t\t<section class=\"elementor-section elementor-top-section elementor-element elementor-element-2753c098 elementor-section-boxed elementor-section-height-default elementor-section-height-default\" data-id=\"2753c098\" data-element_type=\"section\" data-e-type=\"section\">\n\t\t\t\t\t\t<div class=\"elementor-container elementor-column-gap-default\">\n\t\t\t\t\t<div class=\"elementor-column elementor-col-100 elementor-top-column elementor-element elementor-element-1d88085a\" data-id=\"1d88085a\" data-element_type=\"column\" data-e-type=\"column\">\n\t\t\t<div class=\"elementor-widget-wrap elementor-element-populated\">\n\t\t\t\t\t\t<div class=\"elementor-element elementor-element-43b57a14 elementor-widget elementor-widget-text-editor\" data-id=\"43b57a14\" data-element_type=\"widget\" data-e-type=\"widget\" data-widget_type=\"text-editor.default\">\n\t\t\t\t<div class=\"elementor-widget-container\">\n\t\t\t\t\t\t\t\t\t<h2><strong>Prestations b\u00e9n\u00e9voles<\/strong><\/h2><hr \/><h4>\u00a0<\/h4><h4><strong>Le Conseil Social fait ponctuellement appel \u00e0 des \u00e9tudiant\u00b7es pour assurer des prestations r\u00e9mun\u00e9r\u00e9es (sous la forme de contrats b\u00e9n\u00e9voles) dans le cadre de missions de gardiennage de la galerie de l\u2019\u00e9cole, ainsi que de surveillance et d\u2019accueil lors de divers \u00e9v\u00e9nements promotionnels de l\u2019\u00e9tablissement.<\/strong><\/h4><h4><strong>Les candidatures (CV et lettre de motivation) peuvent \u00eatre adress\u00e9es au Conseil Social : <span style=\"color: #00ccff;\"><a style=\"color: #00ccff;\" href=\"mailto:conseilsocial@intra-esavl.be\">conseilsocial@intra-esavl.be<\/a><\/span><\/strong><\/h4><hr \/><h4><strong><span style=\"color: #ff0000;\">ATTENTION\u00a0: Seul\u00b7es les \u00e9tudiant\u00b7es b\u00e9n\u00e9ficiaires d\u2019une aide individuelle du Conseil Social sont \u00e9ligibles.<\/span><\/strong><\/h4><div class=\"grve-container\"><div class=\"grve-row grve-bookmark grve-columns-gap-default grve-mobile-vertical-gap-30\"><div class=\"grve-column wpb_column grve-bookmark grve-column-1 grve-with-bg-transparent\"><div class=\"grve-column-wrapper\"><div class=\"grve-column-content\">\u00a0<\/div><\/div><\/div><\/div><\/div>\t\t\t\t\t\t\t\t<\/div>\n\t\t\t\t<\/div>\n\t\t\t\t\t<\/div>\n\t\t<\/div>\n\t\t\t\t\t<\/div>\n\t\t<\/section>\n\t\t\t\t<\/div>\n\t\t","protected":false},"excerpt":{"rendered":"<p>Prestations b\u00e9n\u00e9voles \u00a0 Le Conseil Social fait ponctuellement appel \u00e0 des \u00e9tudiant\u00b7es pour assurer des prestations r\u00e9mun\u00e9r\u00e9es (sous la forme de contrats b\u00e9n\u00e9voles) dans le cadre de missions de gardiennage &#8230;<\/p>\n","protected":false},"author":2,"featured_media":0,"parent":263,"menu_order":0,"comment_status":"closed","ping_status":"closed","template":"","meta":{"footnotes":""},"class_list":["post-6797","page","type-page","status-publish","hentry"],"_links":{"self":[{"href":"https:\/\/www.intra-esavl.be\/index.php\/wp-json\/wp\/v2\/pages\/6797","targetHints":{"allow":["GET"]}}],"collection":[{"href":"https:\/\/www.intra-esavl.be\/index.php\/wp-json\/wp\/v2\/pages"}],"about":[{"href":"https:\/\/www.intra-esavl.be\/index.php\/wp-json\/wp\/v2\/types\/page"}],"author":[{"embeddable":true,"href":"https:\/\/www.intra-esavl.be\/index.php\/wp-json\/wp\/v2\/users\/2"}],"replies":[{"embeddable":true,"href":"https:\/\/www.intra-esavl.be\/index.php\/wp-json\/wp\/v2\/comments?post=6797"}],"version-history":[{"count":11,"href":"https:\/\/www.intra-esavl.be\/index.php\/wp-json\/wp\/v2\/pages\/6797\/revisions"}],"predecessor-version":[{"id":6813,"href":"https:\/\/www.intra-esavl.be\/index.php\/wp-json\/wp\/v2\/pages\/6797\/revisions\/6813"}],"up":[{"embeddable":true,"href":"https:\/\/www.intra-esavl.be\/index.php\/wp-json\/wp\/v2\/pages\/263"}],"wp:attachment":[{"href":"https:\/\/www.intra-esavl.be\/index.php\/wp-json\/wp\/v2\/media?parent=6797"}],"curies":[{"name":"wp","href":"https:\/\/api.w.org\/{rel}","templated":true}]}}