{"id":6883,"date":"2026-01-30T12:04:09","date_gmt":"2026-01-30T11:04:09","guid":{"rendered":"https:\/\/www.intra-esavl.be\/?page_id=6883"},"modified":"2026-01-30T12:04:09","modified_gmt":"2026-01-30T11:04:09","slug":"epole-une-cellule-decoute-et-daccompagnement-au-service-des-etudiantes","status":"publish","type":"page","link":"https:\/\/www.intra-esavl.be\/index.php\/nos-differents-services\/epole-une-cellule-decoute-et-daccompagnement-au-service-des-etudiantes\/","title":{"rendered":"\u00c9p\u00f4le : une cellule d\u2019\u00e9coute et d\u2019accompagnement au service des \u00e9tudiant(e)s"},"content":{"rendered":"<p>&nbsp;<\/p>\n<h1><strong>\u00c9p\u00f4le : une cellule d\u2019\u00e9coute et d\u2019accompagnement au service des\u00a0\u00e9tudiant(e)s\u00a0<\/strong><\/h1>\n<p>&nbsp;<\/p>\n<p><img fetchpriority=\"high\" decoding=\"async\" class=\"alignnone  wp-image-6885\" src=\"https:\/\/www.intra-esavl.be\/wp-content\/uploads\/2026\/01\/BannerCoverWeb-300x114.png\" alt=\"\" width=\"879\" height=\"334\" srcset=\"https:\/\/www.intra-esavl.be\/wp-content\/uploads\/2026\/01\/BannerCoverWeb-300x114.png 300w, https:\/\/www.intra-esavl.be\/wp-content\/uploads\/2026\/01\/BannerCoverWeb-1024x390.png 1024w, https:\/\/www.intra-esavl.be\/wp-content\/uploads\/2026\/01\/BannerCoverWeb-768x292.png 768w, https:\/\/www.intra-esavl.be\/wp-content\/uploads\/2026\/01\/BannerCoverWeb-1536x584.png 1536w, https:\/\/www.intra-esavl.be\/wp-content\/uploads\/2026\/01\/BannerCoverWeb-2048x779.png 2048w\" sizes=\"(max-width: 879px) 100vw, 879px\" \/><\/p>\n<h3><strong>\u00c9p\u00f4le : une cellule d\u2019\u00e9coute et d\u2019accompagnement au service des\u00a0\u00e9tudiant(e)s\u00a0<\/strong><\/h3>\n<h5>En r\u00e9ponse aux orientations gouvernementales visant \u00e0 renforcer la pr\u00e9vention et la lutte contre le harc\u00e8lement, les violences sexistes et sexuelles ainsi que les discriminations dans l\u2019enseignement sup\u00e9rieur, le P\u00f4le acad\u00e9mique Li\u00e8ge-Luxembourg met en place <strong>\u00c9p\u00f4le<\/strong>, une cellule ind\u00e9pendante des \u00e9tablissements partenaires.<\/h5>\n<h5>\u00c9p\u00f4le offre <strong>un soutien psychologique et juridique externe gratuit<\/strong>, en compl\u00e9ment des mesures prises par les institutions, destin\u00e9 \u00e0 toute personne \u00e9tudiante des <a href=\"https:\/\/poleliegelux.be\/fr\/institutions\">24 institutions du P\u00f4le<\/a>.<br \/>\nLa cellule assure une \u00e9coute confidentielle et oriente chacune et chacun vers les ressources les plus adapt\u00e9es, dans le respect du rythme de la personne et de la nature de la situation rencontr\u00e9e.<\/h5>\n<p><strong>\u00a0<\/strong><\/p>\n<h3><strong>Ce que propose \u00c9p\u00f4le<\/strong><\/h3>\n<h3><strong><u>Un soutien psychologique<\/u><\/strong><\/h3>\n<h4>Vous pensez vivre une situation de harc\u00e8lement, vous ressentez de la souffrance, un mal-\u00eatre, du stress dans ce contexte violent ? Un psychologue est disponible pour vous accueillir, vous \u00e9couter et vous accompagner vers des pistes concr\u00e8tes de compr\u00e9hension et d&rsquo;action.<\/h4>\n<h3><strong><u>Un accompagnement juridique<\/u><\/strong><\/h3>\n<h4>Une juriste est pr\u00e9sente pour vous informer sur vos droits, les d\u00e9marches possibles, les recours internes ou externes, vous soutenir dans l\u2019analyse de votre situation et vous accompagner dans les \u00e9ventuelles d\u00e9marches.<\/h4>\n<h3><strong><u>Un service confidentiel et gratuit<\/u><\/strong><\/h3>\n<h4>Aucun frais n&rsquo;est demand\u00e9. Tous les \u00e9changes sont strictement confidentiels, dans le respect du cadre d\u00e9ontologique.<\/h4>\n<h3><strong>Comment contacter la cellule ?<\/strong><\/h3>\n<h3><span style=\"color: #ff0000;\"><strong style=\"font-size: 1.0625rem;\">1. Vous vivez une situation de harc\u00e8lement, de violence, de pression ou de discrimination ?<\/strong><\/span><\/h3>\n<h4>Prenez un moment pour <strong>identifier ce dont vous avez besoin<\/strong> : parler, comprendre, \u00eatre orient\u00e9\u00b7e, conna\u00eetre vos droits, \u00eatre accompagn\u00e9\u00b7e dans une d\u00e9marche.<\/h4>\n<h4><span style=\"color: #ff0000;\"><strong style=\"font-size: 1.0625rem;\">2. Contactez \u00c9p\u00f4le<\/strong><\/span><\/h4>\n<h4>Prenez un premier contact <strong>par email<\/strong> \u00e0 l&rsquo;adresse suivante : <a href=\"mailto:epole@polell.be\">epole@polell.be<\/a> ou <strong>par t\u00e9l\u00e9phone <\/strong>au +32 (0)498 67 67 54. En fonction de votre demande, un premier rendez-vous avec le psychologue et la juriste vous sera propos\u00e9. Ce premier \u00e9change permet de clarifier la situation, d\u2019identifier les besoins et de d\u00e9finir les pistes d\u2019action.<\/h4>\n<h4><span style=\"color: #ff0000;\"><strong style=\"font-size: 1.0625rem;\">3. Recevez une r\u00e9ponse personnalis\u00e9e<\/strong><\/span><\/h4>\n<h4>La cellule revient vers vous dans un d\u00e9lai de <strong>2 \u00e0 3 jours<\/strong> maximum pour proposer un <strong>rendez-vous confidentiel<\/strong>.<\/h4>\n<h4><span style=\"color: #ff0000;\"><strong style=\"font-size: 1.0625rem;\">4. Orientation et suivi<\/strong><\/span><\/h4>\n<h4>Selon la situation, \u00c9p\u00f4le peut :<\/h4>\n<ul>\n<li>\n<h4>vous accompagner dans des d\u00e9marches internes ou externes ;<\/h4>\n<\/li>\n<li>\n<h4>vous informer sur vos droits ;<\/h4>\n<\/li>\n<li>\n<h4>vous proposer des relais sp\u00e9cialis\u00e9s ;<\/h4>\n<\/li>\n<li>\n<h4>assurer un suivi ponctuel ou r\u00e9gulier, selon vos souhaits.<\/h4>\n<\/li>\n<\/ul>\n<h3><strong>Contact <\/strong><\/h3>\n<p><strong>Mail\u00a0: <\/strong><a href=\"mailto:epole@polell.be\"><strong>epole@polell.be<\/strong><\/a><strong> T\u00e9l\u00e9phone\u00a0:\u00a0+32 (0)498 67 67 54<\/strong><\/p>\n<p><strong><u>Psychologue :\u00a0 <\/u><\/strong><strong>Pascal Bartholom\u00e9 \u00a0<\/strong><a href=\"mailto:pascal.bartholome@polell.be\"><strong>pascal.bartholome@polell.be<\/strong><\/a><\/p>\n<p><strong><u>Juriste : <\/u><\/strong><strong>Sarah Pirenne \u00a0<\/strong><a href=\"mailto:sarah.pirenne@polell.be\"><strong>sarah.pirenne@polell.be<\/strong><\/a><\/p>\n","protected":false},"excerpt":{"rendered":"<p>&nbsp; \u00c9p\u00f4le : une cellule d\u2019\u00e9coute et d\u2019accompagnement au service des\u00a0\u00e9tudiant(e)s\u00a0 &nbsp; \u00c9p\u00f4le : une cellule d\u2019\u00e9coute et d\u2019accompagnement au service des\u00a0\u00e9tudiant(e)s\u00a0 En r\u00e9ponse aux orientations gouvernementales visant \u00e0 renforcer &#8230;<\/p>\n","protected":false},"author":2,"featured_media":0,"parent":2023,"menu_order":0,"comment_status":"closed","ping_status":"closed","template":"","meta":{"footnotes":""},"class_list":["post-6883","page","type-page","status-publish","hentry"],"_links":{"self":[{"href":"https:\/\/www.intra-esavl.be\/index.php\/wp-json\/wp\/v2\/pages\/6883","targetHints":{"allow":["GET"]}}],"collection":[{"href":"https:\/\/www.intra-esavl.be\/index.php\/wp-json\/wp\/v2\/pages"}],"about":[{"href":"https:\/\/www.intra-esavl.be\/index.php\/wp-json\/wp\/v2\/types\/page"}],"author":[{"embeddable":true,"href":"https:\/\/www.intra-esavl.be\/index.php\/wp-json\/wp\/v2\/users\/2"}],"replies":[{"embeddable":true,"href":"https:\/\/www.intra-esavl.be\/index.php\/wp-json\/wp\/v2\/comments?post=6883"}],"version-history":[{"count":6,"href":"https:\/\/www.intra-esavl.be\/index.php\/wp-json\/wp\/v2\/pages\/6883\/revisions"}],"predecessor-version":[{"id":6891,"href":"https:\/\/www.intra-esavl.be\/index.php\/wp-json\/wp\/v2\/pages\/6883\/revisions\/6891"}],"up":[{"embeddable":true,"href":"https:\/\/www.intra-esavl.be\/index.php\/wp-json\/wp\/v2\/pages\/2023"}],"wp:attachment":[{"href":"https:\/\/www.intra-esavl.be\/index.php\/wp-json\/wp\/v2\/media?parent=6883"}],"curies":[{"name":"wp","href":"https:\/\/api.w.org\/{rel}","templated":true}]}}